{"id":9131,"date":"2023-12-31T14:26:33","date_gmt":"2023-12-31T11:26:33","guid":{"rendered":"http:\/\/turkiyekanttoplulugu.org\/?page_id=9131"},"modified":"2025-01-02T14:04:37","modified_gmt":"2025-01-02T11:04:37","slug":"kant-300-yasinda-2024","status":"publish","type":"page","link":"http:\/\/turkiyekanttoplulugu.org\/?page_id=9131","title":{"rendered":"KANT 300 YA\u015eINDA (2024)"},"content":{"rendered":"\n<p>Immanuel Kant&#8217;\u0131n do\u011fumunun 300. y\u0131l\u0131 d\u00fcnyan\u0131n pek \u00e7ok yerinde \u00e7e\u015fitli etkinliklerle kutlanacakt\u0131r. T\u00fcrkiye Kant Toplulu\u011fu olarak biz de 2024 y\u0131l\u0131 i\u00e7inde bir dizi etkinlik d\u00fczenlemeyi planlamaktay\u0131z. Etkinliklere dair detayl\u0131 bilgilere ana men\u00fcdeki ilgili ba\u015fl\u0131klar\u0131n alt\u0131nda a\u00e7\u0131lan sekmelerden ula\u015f\u0131labilir. 2024 y\u0131l\u0131 etkinlikleri g\u00fcncellenerek bu sayfaya eklenecektir.<\/p>\n\n\n\n<p><\/p>\n\n\n\n<ul><li><a href=\"http:\/\/turkiyekanttoplulugu.org\/?event_listing=dogumunun-300-yilinda-18-temada-kantla-karsilasmalar-karsitliklar\">10-11 Ocak 2024 &#8211; \u0130stanbul \u00dcniversitesi Edebiyat Fak\u00fcltesi Genel Kurul Odas\u0131<br>Do\u011fumunun 300. Y\u0131l\u0131nda 18 Temada Kant&#8217;la Kar\u015f\u0131la\u015fmalar-Kar\u015f\u0131tl\u0131klar<\/a><\/li><li><a href=\"http:\/\/turkiyekanttoplulugu.org\/?event_listing=kant-ve-epistemoloji\">7-8 Mart 2024 &#8211; Dicle \u00dcniversitesi K\u00fclt\u00fcr ve Sanat Merkezi<br>Do\u011fumunun 300. Y\u0131l\u0131nda Kant ve Epistemoloji Sempozyumu<\/a><\/li><li><a href=\"http:\/\/turkiyekanttoplulugu.org\/?event_listing=kant-on-moral-faith-and-the-place-of-human-beings-in-nature\">22 Nisan 2024 &#8211; Kant on Moral Faith and the Place of Human Beings in Nature<\/a><\/li><li><a href=\"http:\/\/turkiyekanttoplulugu.org\/?event_listing=kant-ve-egemenlik\">27 Nisan 2024 &#8211; Kant ve Egemenlik<\/a><\/li><li><a href=\"http:\/\/turkiyekanttoplulugu.org\/?event_listing=kant-300-yasinda\">2-4 May\u0131s 2024 &#8211; Mersin \u00dcniversitesi U\u011fur Oral K\u00fclt\u00fcr Merkezi<br>Kant 300 Ya\u015f\u0131nda! Sempozyumu<\/a><\/li><li><a href=\"http:\/\/turkiyekanttoplulugu.org\/?event_listing=kant-estetiginin-etik-yansimalari\">26 May\u0131s 2024 &#8211; Kant Esteti\u011finin Etik Yans\u0131malar\u0131<\/a><\/li><li><a href=\"http:\/\/turkiyekanttoplulugu.org\/?event_listing=felsefelogos-immanuel-kant-sayisi-tanitim-toplantisi\">1 Haziran 2024 &#8211; <em>felsefelogos<\/em> Dergisi Immanuel Kant Say\u0131s\u0131 Tan\u0131t\u0131m Toplant\u0131s\u0131<\/a><\/li><li><a href=\"http:\/\/turkiyekanttoplulugu.org\/?p=9278\">13 Haziran 2024 &#8211; Virtual Kant Congress with a Cosmopolitan Purpose<\/a><\/li><li><a href=\"https:\/\/nesinkoyleri.org\/events\/2024-kant-haftasi-300-yasinda-kantin-felsefesi-yaz-kampi\/\">12-18 A\u011fustos 2024 &#8211; Kant Haftas\u0131: 300. Ya\u015f\u0131nda Kant\u2019\u0131n Felsefesi Yaz Kamp\u0131<\/a><\/li><li><a href=\"http:\/\/turkiyekanttoplulugu.org\/?event_listing=turkiyede-kant-ve-kantcilik-prof-dr-bulent-gozkana-saygi-konferansi\">11 Ekim 2024 &#8211; T\u00fcrkiye&#8217;de Kant ve Kant\u00e7\u0131l\u0131k &#8211; Prof. Dr. Hasan B\u00fclent G\u00f6zk\u00e2n&#8217;a Sayg\u0131 Konferans\u0131<\/a><\/li><li><a href=\"http:\/\/turkiyekanttoplulugu.org\/?event_listing=300-dogum-yil-donumunde-filozof-immanuel-kant-insan-aydinlanma-etik-siyaset\">27 Kas\u0131m 2024 &#8211; 300. Do\u011fum Y\u0131l D\u00f6n\u00fcm\u00fcnde Filozof Immanuel Kant (\u0130nsan &#8211; Ayd\u0131nlanma &#8211; Etik &#8211; Siyaset)<\/a><\/li><li><a href=\"http:\/\/turkiyekanttoplulugu.org\/?event_listing=dogum-yil-donumunde-filozof-immanuel-kant-insan-aydinlanma-etik-siyaset\">28 Kas\u0131m 2024 &#8211; 300. Do\u011fum Y\u0131l D\u00f6n\u00fcm\u00fcnde Filozof Immanuel Kant (\u0130nsan &#8211; Ayd\u0131nlanma &#8211; Etik &#8211; Siyaset)<\/a><\/li><li><a href=\"http:\/\/turkiyekanttoplulugu.org\/?event_listing=kantin-uc-kritigi\">3 Aral\u0131k 2024 &#8211; Kant&#8217;\u0131n \u00dc\u00e7 Kriti\u011fi<\/a><\/li><li><a href=\"http:\/\/turkiyekanttoplulugu.org\/?event_listing=kant-on-the-deceitfulness-of-a-deceitful-art\">10 Aral\u0131k 2024 &#8211; Kant on the Deceitfulness of a Deceitful Art<\/a><\/li><\/ul>\n","protected":false},"excerpt":{"rendered":"<p class=\"teaser\">Immanuel Kant&#8217;\u0131n do\u011fumunun 300. y\u0131l\u0131 d\u00fcnyan\u0131n pek \u00e7ok yerinde \u00e7e\u015fitli etkinliklerle kutlanacakt\u0131r. T\u00fcrkiye Kant Toplulu\u011fu olarak biz de 2024 y\u0131l\u0131 i\u00e7inde bir dizi etkinlik d\u00fczenlemeyi planlamaktay\u0131z. Etkinliklere dair detayl\u0131 bilgilere ana men\u00fcdeki ilgili ba\u015fl\u0131klar\u0131n alt\u0131nda a\u00e7\u0131lan sekmelerden ula\u015f\u0131labilir. 2024 y\u0131l\u0131 etkinlikleri g\u00fcncellenerek bu sayfaya eklenecektir. 10-11 Ocak 2024 &#8211; \u0130stanbul \u00dcniversitesi Edebiyat Fak\u00fcltesi Genel Kurul &hellip;<\/p>\n","protected":false},"author":1,"featured_media":0,"parent":0,"menu_order":0,"comment_status":"closed","ping_status":"closed","template":"","meta":{"spay_email":""},"_links":{"self":[{"href":"http:\/\/turkiyekanttoplulugu.org\/index.php?rest_route=\/wp\/v2\/pages\/9131"}],"collection":[{"href":"http:\/\/turkiyekanttoplulugu.org\/index.php?rest_route=\/wp\/v2\/pages"}],"about":[{"href":"http:\/\/turkiyekanttoplulugu.org\/index.php?rest_route=\/wp\/v2\/types\/page"}],"author":[{"embeddable":true,"href":"http:\/\/turkiyekanttoplulugu.org\/index.php?rest_route=\/wp\/v2\/users\/1"}],"replies":[{"embeddable":true,"href":"http:\/\/turkiyekanttoplulugu.org\/index.php?rest_route=%2Fwp%2Fv2%2Fcomments&post=9131"}],"version-history":[{"count":14,"href":"http:\/\/turkiyekanttoplulugu.org\/index.php?rest_route=\/wp\/v2\/pages\/9131\/revisions"}],"predecessor-version":[{"id":10516,"href":"http:\/\/turkiyekanttoplulugu.org\/index.php?rest_route=\/wp\/v2\/pages\/9131\/revisions\/10516"}],"wp:attachment":[{"href":"http:\/\/turkiyekanttoplulugu.org\/index.php?rest_route=%2Fwp%2Fv2%2Fmedia&parent=9131"}],"curies":[{"name":"wp","href":"https:\/\/api.w.org\/{rel}","templated":true}]}}