{"id":5082,"date":"2017-02-23T07:52:27","date_gmt":"2017-02-23T04:52:27","guid":{"rendered":"http:\/\/dannci.wpmasters.org\/association\/?page_id=5082"},"modified":"2023-08-14T22:00:54","modified_gmt":"2023-08-14T19:00:54","slug":"etkinlikler","status":"publish","type":"page","link":"http:\/\/turkiyekanttoplulugu.org\/?page_id=5082","title":{"rendered":"Etkinlikler"},"content":{"rendered":"\t\t<div data-elementor-type=\"wp-page\" data-elementor-id=\"5082\" class=\"elementor elementor-5082\" data-elementor-settings=\"[]\">\n\t\t\t\t\t\t<div class=\"elementor-inner\">\n\t\t\t\t\t\t\t<div class=\"elementor-section-wrap\">\n\t\t\t\t\t\t\t<section class=\"elementor-section elementor-top-section elementor-element elementor-element-54eff5c elementor-section-boxed elementor-section-height-default elementor-section-height-default\" data-id=\"54eff5c\" data-element_type=\"section\">\n\t\t\t\t\t\t<div class=\"elementor-container elementor-column-gap-default\">\n\t\t\t\t\t\t\t<div class=\"elementor-row\">\n\t\t\t\t\t<div class=\"elementor-column elementor-col-100 elementor-top-column elementor-element elementor-element-718d455\" data-id=\"718d455\" data-element_type=\"column\">\n\t\t\t<div class=\"elementor-column-wrap elementor-element-populated\">\n\t\t\t\t\t\t\t<div class=\"elementor-widget-wrap\">\n\t\t\t\t\t\t<div class=\"elementor-element elementor-element-b24ded2 elementor-widget elementor-widget-eael-post-timeline\" data-id=\"b24ded2\" data-element_type=\"widget\" data-widget_type=\"eael-post-timeline.default\">\n\t\t\t\t<div class=\"elementor-widget-container\">\n\t\t\t<div id=\"eael-post-timeline-b24ded2\" class=\"eael-post-timeline\">\n            <div class=\"eael-post-timeline eael-post-appender eael-post-appender-b24ded2\"><article class=\"eael-timeline-post eael-timeline-column\">\n    <div class=\"eael-timeline-bullet\"><\/div>\n    <div class=\"eael-timeline-post-inner\">\n        <a class=\"eael-timeline-post-link\" href=\"http:\/\/turkiyekanttoplulugu.org\/?event_listing=turkiye-kant-toplulugu-5-yil-etkinligi\" title=\"T\u00fcrkiye Kant Toplulu\u011fu 5. Y\u0131l Etkinli\u011fi\">\n            <time datetime=\"8 Ocak 2025\">8 Ocak 2025<\/time>\n            <div class=\"eael-timeline-post-image\" style=\"background-image: url(https:\/\/i0.wp.com\/turkiyekanttoplulugu.org\/wp-content\/uploads\/2025\/01\/WhatsApp-Image-2025-01-07-at-22.38.42.jpg?fit=768%2C768);\"><\/div><div class=\"eael-timeline-post-excerpt\"><p>T\u00fcrkiye Kant Toplulu\u011fu, \u0130BB K\u00fclt\u00fcr A\u015e. i\u015f birli\u011fi ile 10...<\/p><\/div><div class=\"eael-timeline-post-title\">\n                    <h2>T\u00fcrkiye Kant Toplulu\u011fu 5. Y\u0131l Etkinli\u011fi<\/h2>\n                <\/div><\/a>\n    <\/div>\n<\/article><article class=\"eael-timeline-post eael-timeline-column\">\n    <div class=\"eael-timeline-bullet\"><\/div>\n    <div class=\"eael-timeline-post-inner\">\n        <a class=\"eael-timeline-post-link\" href=\"http:\/\/turkiyekanttoplulugu.org\/?event_listing=kant-on-the-deceitfulness-of-a-deceitful-art\" title=\"Kant on the Dece\u0131tfulness of a Dece\u0131tful Art\">\n            <time datetime=\"2 Aral\u0131k 2024\">2 Aral\u0131k 2024<\/time>\n            <div class=\"eael-timeline-post-image\" style=\"background-image: url(https:\/\/i1.wp.com\/turkiyekanttoplulugu.org\/wp-content\/uploads\/2024\/12\/V.jpg?fit=768%2C768);\"><\/div><div class=\"eael-timeline-post-excerpt\"><p>Turkey Kant Society and Kadir Has University, Core Program are...<\/p><\/div><div class=\"eael-timeline-post-title\">\n                    <h2>Kant on the Dece\u0131tfulness of a Dece\u0131tful Art<\/h2>\n                <\/div><\/a>\n    <\/div>\n<\/article><article class=\"eael-timeline-post eael-timeline-column\">\n    <div class=\"eael-timeline-bullet\"><\/div>\n    <div class=\"eael-timeline-post-inner\">\n        <a class=\"eael-timeline-post-link\" href=\"http:\/\/turkiyekanttoplulugu.org\/?event_listing=kantin-uc-kritigi\" title=\"Kant&#8217;\u0131n \u00dc\u00e7 Kriti\u011fi\">\n            <time datetime=\"22 Kas\u0131m 2024\">22 Kas\u0131m 2024<\/time>\n            <div class=\"eael-timeline-post-image\" style=\"background-image: url(https:\/\/i2.wp.com\/turkiyekanttoplulugu.org\/wp-content\/uploads\/2024\/11\/WhatsApp-Image-2024-11-22-at-13.08.46.jpg?fit=768%2C1086);\"><\/div><div class=\"eael-timeline-post-excerpt\"><p>T\u00fcrkiye Kant Toplulu\u011fu, Ankara Hac\u0131 Bayram Veli \u00dcniversitesi Felsefe B\u00f6l\u00fcm\u00fc...<\/p><\/div><div class=\"eael-timeline-post-title\">\n                    <h2>Kant&#8217;\u0131n \u00dc\u00e7 Kriti\u011fi<\/h2>\n                <\/div><\/a>\n    <\/div>\n<\/article><article class=\"eael-timeline-post eael-timeline-column\">\n    <div class=\"eael-timeline-bullet\"><\/div>\n    <div class=\"eael-timeline-post-inner\">\n        <a class=\"eael-timeline-post-link\" href=\"http:\/\/turkiyekanttoplulugu.org\/?event_listing=dogum-yil-donumunde-filozof-immanuel-kant-insan-aydinlanma-etik-siyaset\" title=\"300. Do\u011fum Y\u0131l D\u00f6n\u00fcm\u00fcnde Filozof Immanuel Kant (\u0130nsan-Ayd\u0131nlanma-Etik-Siyaset)\">\n            <time datetime=\"15 Kas\u0131m 2024\">15 Kas\u0131m 2024<\/time>\n            <div class=\"eael-timeline-post-image\" style=\"background-image: url(https:\/\/i1.wp.com\/turkiyekanttoplulugu.org\/wp-content\/uploads\/2024\/11\/immanuel-kant-felsefe-paneli-3.png?fit=768%2C768);\"><\/div><div class=\"eael-timeline-post-excerpt\"><p>T\u00fcrkiye Kant Toplulu\u011fu, ANS\u0130AD ve Antalya Bilim \u00dcniversitesi i\u015fbirli\u011fiyle Naz\u0131m...<\/p><\/div><div class=\"eael-timeline-post-title\">\n                    <h2>300. Do\u011fum Y\u0131l D\u00f6n\u00fcm\u00fcnde Filozof Immanuel Kant (\u0130nsan-Ayd\u0131nlanma-Etik-Siyaset)<\/h2>\n                <\/div><\/a>\n    <\/div>\n<\/article><article class=\"eael-timeline-post eael-timeline-column\">\n    <div class=\"eael-timeline-bullet\"><\/div>\n    <div class=\"eael-timeline-post-inner\">\n        <a class=\"eael-timeline-post-link\" href=\"http:\/\/turkiyekanttoplulugu.org\/?event_listing=300-dogum-yil-donumunde-filozof-immanuel-kant-insan-aydinlanma-etik-siyaset\" title=\"300. Do\u011fum Y\u0131l D\u00f6n\u00fcm\u00fcnde Filozof Immanuel Kant (\u0130nsan-Ayd\u0131nlanma-Etik-Siyaset)\">\n            <time datetime=\"15 Kas\u0131m 2024\">15 Kas\u0131m 2024<\/time>\n            <div class=\"eael-timeline-post-image\" style=\"background-image: url(https:\/\/i1.wp.com\/turkiyekanttoplulugu.org\/wp-content\/uploads\/2024\/11\/WhatsApp-Image-2024-11-15-at-12.49.19.jpg?fit=768%2C1086);\"><\/div><div class=\"eael-timeline-post-excerpt\"><p>T\u00fcrkiye Kant Toplulu\u011fu, ANS\u0130AD ve Antalya Bilim \u00dcniversitesi Kar\u015f\u0131la\u015ft\u0131rmal\u0131 Hukuk...<\/p><\/div><div class=\"eael-timeline-post-title\">\n                    <h2>300. Do\u011fum Y\u0131l D\u00f6n\u00fcm\u00fcnde Filozof Immanuel Kant (\u0130nsan-Ayd\u0131nlanma-Etik-Siyaset)<\/h2>\n                <\/div><\/a>\n    <\/div>\n<\/article><article class=\"eael-timeline-post eael-timeline-column\">\n    <div class=\"eael-timeline-bullet\"><\/div>\n    <div class=\"eael-timeline-post-inner\">\n        <a class=\"eael-timeline-post-link\" href=\"http:\/\/turkiyekanttoplulugu.org\/?event_listing=turkiyede-kant-ve-kantcilik-prof-dr-bulent-gozkana-saygi-konferansi\" title=\"T\u00dcRK\u0130YE\u2019DE KANT VE KANT\u00c7ILIK \u2013 PROF. DR. B\u00dcLENT G\u00d6ZK\u00c2N\u2019A SAYGI KONFERANSI\">\n            <time datetime=\"8 Ekim 2024\">8 Ekim 2024<\/time>\n            <div class=\"eael-timeline-post-image\" style=\"background-image: url(https:\/\/i1.wp.com\/turkiyekanttoplulugu.org\/wp-content\/uploads\/2024\/10\/WhatsApp-Image-2024-10-08-at-15.12.38.jpg?fit=768%2C817);\"><\/div><div class=\"eael-timeline-post-excerpt\"><p>11 Ekim 2024 tarihinde T\u00fcrkiye Kant Toplulu\u011fu ve MSGS\u00dc Felsefe...<\/p><\/div><div class=\"eael-timeline-post-title\">\n                    <h2>T\u00dcRK\u0130YE\u2019DE KANT VE KANT\u00c7ILIK \u2013 PROF. DR. B\u00dcLENT G\u00d6ZK\u00c2N\u2019A SAYGI KONFERANSI<\/h2>\n                <\/div><\/a>\n    <\/div>\n<\/article><article class=\"eael-timeline-post eael-timeline-column\">\n    <div class=\"eael-timeline-bullet\"><\/div>\n    <div class=\"eael-timeline-post-inner\">\n        <a class=\"eael-timeline-post-link\" href=\"http:\/\/turkiyekanttoplulugu.org\/?event_listing=kant-estetiginin-etik-yansimalari\" title=\"Kant Esteti\u011finin Etik Yans\u0131malar\u0131\">\n            <time datetime=\"20 May\u0131s 2024\">20 May\u0131s 2024<\/time>\n            <div class=\"eael-timeline-post-image\" style=\"background-image: url(https:\/\/i0.wp.com\/turkiyekanttoplulugu.org\/wp-content\/uploads\/2024\/05\/WhatsApp-Image-2024-05-20-at-13.56.07.jpg?fit=768%2C768);\"><\/div><div class=\"eael-timeline-post-excerpt\"><p>T\u00fcrkiye Kant Toplulu\u011fu, \u0130BB K\u00fclt\u00fcr A\u015e. i\u015f birli\u011fi ile 26...<\/p><\/div><div class=\"eael-timeline-post-title\">\n                    <h2>Kant Esteti\u011finin Etik Yans\u0131malar\u0131<\/h2>\n                <\/div><\/a>\n    <\/div>\n<\/article><article class=\"eael-timeline-post eael-timeline-column\">\n    <div class=\"eael-timeline-bullet\"><\/div>\n    <div class=\"eael-timeline-post-inner\">\n        <a class=\"eael-timeline-post-link\" href=\"http:\/\/turkiyekanttoplulugu.org\/?event_listing=kant-haftasi-300-yasinda-kantin-felsefesi-yaz-kampi\" title=\"Kant Haftas\u0131: 300. Ya\u015f\u0131nda Kant\u2019\u0131n Felsefesi Yaz Kamp\u0131\">\n            <time datetime=\"9 May\u0131s 2024\">9 May\u0131s 2024<\/time>\n            <div class=\"eael-timeline-post-image\" style=\"background-image: url(https:\/\/i0.wp.com\/turkiyekanttoplulugu.org\/wp-content\/uploads\/2024\/05\/WhatsApp-Image-2024-05-06-at-11.17.29.jpg?fit=768%2C768);\"><\/div><div class=\"eael-timeline-post-excerpt\"><p>T\u00fcrkiye Kant Toplulu\u011fu \u00fcyelerinden B\u00fclent G\u00f6zk\u00e2n, \u00d6zg\u00fc\u00e7 G\u00fcven, Gamze Keskin,...<\/p><\/div><div class=\"eael-timeline-post-title\">\n                    <h2>Kant Haftas\u0131: 300. Ya\u015f\u0131nda Kant\u2019\u0131n Felsefesi Yaz Kamp\u0131<\/h2>\n                <\/div><\/a>\n    <\/div>\n<\/article><\/div>\n\t\t<\/div>            <div class=\"eael-load-more-button-wrap\">\n                <button class=\"eael-load-more-button\" id=\"eael-load-more-btn-b24ded2\" data-widget-id=\"b24ded2\" data-widget=\"b24ded2\" data-page-id=\"5082\" data-nonce=\"1bf49dff8f\" data-template=\"{&quot;dir&quot;:&quot;free&quot;,&quot;file_name&quot;:&quot;default&quot;,&quot;name&quot;:&quot;Post-Timeline&quot;}\" data-class=\"Essential_Addons_Elementor\\Elements\\Post_Timeline\" data-layout=\"\" data-page=\"1\" data-args=\"orderby=date&amp;order=desc&amp;ignore_sticky_posts=1&amp;post_status=publish&amp;posts_per_page=8&amp;offset=0&amp;post_type=event_listing\">\n                    <div class=\"eael-btn-loader button__loader\"><\/div>\n                    <span>Daha Fazlas\u0131<\/span>\n                <\/button>\n            <\/div>\n        \t\t<\/div>\n\t\t\t\t<\/div>\n\t\t\t\t\t\t<\/div>\n\t\t\t\t\t<\/div>\n\t\t<\/div>\n\t\t\t\t\t\t\t\t<\/div>\n\t\t\t\t\t<\/div>\n\t\t<\/section>\n\t\t\t\t\t\t<\/div>\n\t\t\t\t\t\t<\/div>\n\t\t\t\t\t<\/div>\n\t\t","protected":false},"excerpt":{"rendered":"<p class=\"teaser\">1 Haziran 2023 T\u00fcrkiye Kant Toplulu\u011fu, \u0130BB K\u00fclt\u00fcr A\u015e. i\u015f birli\u011fi ile 18&#8230; Kant ve \u0130nsan 3 May\u0131s 2023 T\u00fcrkiye Kant Toplulu\u011fu, \u0130BB K\u00fclt\u00fcr A\u015e. i\u015f birli\u011fi ile 21&#8230; KANT VE NESNE 2 10 Nisan 2023 T\u00fcrkiye Kant Toplulu\u011fu, \u0130BB K\u00fclt\u00fcr A\u015e. i\u015f birli\u011fi ile 15&#8230; Kant Bug\u00fcn Bize Ne S\u00f6yler? 17 Mart 2023 T\u00fcrkiye &hellip;<\/p>\n","protected":false},"author":1,"featured_media":5630,"parent":0,"menu_order":0,"comment_status":"closed","ping_status":"closed","template":"","meta":{"spay_email":""},"_links":{"self":[{"href":"http:\/\/turkiyekanttoplulugu.org\/index.php?rest_route=\/wp\/v2\/pages\/5082"}],"collection":[{"href":"http:\/\/turkiyekanttoplulugu.org\/index.php?rest_route=\/wp\/v2\/pages"}],"about":[{"href":"http:\/\/turkiyekanttoplulugu.org\/index.php?rest_route=\/wp\/v2\/types\/page"}],"author":[{"embeddable":true,"href":"http:\/\/turkiyekanttoplulugu.org\/index.php?rest_route=\/wp\/v2\/users\/1"}],"replies":[{"embeddable":true,"href":"http:\/\/turkiyekanttoplulugu.org\/index.php?rest_route=%2Fwp%2Fv2%2Fcomments&post=5082"}],"version-history":[{"count":11,"href":"http:\/\/turkiyekanttoplulugu.org\/index.php?rest_route=\/wp\/v2\/pages\/5082\/revisions"}],"predecessor-version":[{"id":8824,"href":"http:\/\/turkiyekanttoplulugu.org\/index.php?rest_route=\/wp\/v2\/pages\/5082\/revisions\/8824"}],"wp:featuredmedia":[{"embeddable":true,"href":"http:\/\/turkiyekanttoplulugu.org\/index.php?rest_route=\/wp\/v2\/media\/5630"}],"wp:attachment":[{"href":"http:\/\/turkiyekanttoplulugu.org\/index.php?rest_route=%2Fwp%2Fv2%2Fmedia&parent=5082"}],"curies":[{"name":"wp","href":"https:\/\/api.w.org\/{rel}","templated":true}]}}