{"id":9008,"date":"2023-11-13T17:15:45","date_gmt":"2023-11-13T14:15:45","guid":{"rendered":"http:\/\/turkiyekanttoplulugu.org\/?post_type=event_listing&#038;p=9008"},"modified":"2023-11-13T17:16:28","modified_gmt":"2023-11-13T14:16:28","slug":"kant-ve-epistemoloji","status":"publish","type":"event_listing","link":"http:\/\/turkiyekanttoplulugu.org\/?event_listing=kant-ve-epistemoloji","title":{"rendered":"Kant ve Epistemoloji"},"content":{"rendered":"\n<p>Kant\u2019\u0131n teorik felsefesinin iki \u00f6nemli \u015feyi ama\u00e7lad\u0131\u011f\u0131 bilinmektedir. Bunlardan biri insan zihninin \u00f6\u011felerini, s\u0131n\u0131rlar\u0131n\u0131 g\u00f6stermek; di\u011feri ise buna ba\u011fl\u0131 olarak felsefi soru\u015fturman\u0131n ger\u00e7ekle\u015ftirilme olana\u011f\u0131n\u0131 ortaya koymakt\u0131r. Dolay\u0131s\u0131yla Kant\u2019\u0131n teorik felsefesinin arkas\u0131nda epistemik kayg\u0131lar bulunmaktad\u0131r. Kant\u2019\u0131n do\u011fumunun 300. y\u0131l\u0131 m\u00fcnasebetiyle, Dicle \u00dcniversitesi Felsefe B\u00f6l\u00fcm\u00fc ve T\u00fcrkiye Kant Toplulu\u011fu olarak biz Kant\u2019\u0131n teorik felsefesini onun epistemolojik d\u00fc\u015f\u00fcnceleriyle birlikte tart\u0131\u015fabilece\u011fimiz bir sempozyumu \u00fclkemizin bir\u00e7ok k\u00fclt\u00fcrel miras\u0131na sahip olan Sur\/Diyarbak\u0131r\u2019da, <strong>07-08 Mart 2024<\/strong> tarihlerinde Dicle \u00dcniversitesi K\u00fclt\u00fcr ve Sanat Merkezinde ger\u00e7ekle\u015ftirece\u011fiz. Ana temam\u0131z \u00e7er\u00e7evesinde Kant\u2019tan \u00f6nce ve Kant\u2019tan sonraki filozoflarla hesapla\u015fmay\u0131 da hedefleyen sempozyumumuza Kant \u00e7al\u0131\u015fmalar\u0131 yapan akademisyenler ve gen\u00e7 ara\u015ft\u0131rmac\u0131lar davetlidir. Gen\u00e7 ara\u015ft\u0131rmac\u0131lar\u0131n Kant felsefesine y\u00f6nelik \u00e7al\u0131\u015fmalar\u0131n\u0131 te\u015fvik etmek amac\u0131yla \u00f6zellikle ba\u015fvuruda bulunmalar\u0131n\u0131 ve oturumlarda yer almalar\u0131n\u0131 diliyoruz. Sempozyuma kat\u0131lmak isteyenlerin sempozyum takvimini g\u00f6z \u00f6n\u00fcnde bulundurarak 700-800 kelimelik geni\u015fletilmi\u015f \u00f6zetleriyle <strong>kant300yasinda@dicle.edu.tr<\/strong> adresine ba\u015fvuruda bulunmalar\u0131n\u0131 rica ederiz. Ba\u015fvurular k\u00f6r hakemlik s\u00fcrecinden sonra ilan edilecektir. Sempozyum bildiri metinleri ise edit\u00f6ryel ve hakemlik s\u00fcre\u00e7lerinden sonra Kant \u00c7al\u0131\u015fmalar\u0131 Dergisi\u2019nde yay\u0131nlanabilecektir. Dicle \u00dcniversitesi\u2019nde bulu\u015fmak dile\u011fiyle.<\/p>\n\n\n\n<p><strong>Sempozyum Takvimi<\/strong><\/p>\n\n\n\n<p><strong>Sempozyum \u0130lan\u0131 Tarihi&nbsp;&nbsp;&nbsp;&nbsp;&nbsp;&nbsp;&nbsp;&nbsp;&nbsp;&nbsp;&nbsp;&nbsp;&nbsp;&nbsp;&nbsp;&nbsp;&nbsp;&nbsp;&nbsp;&nbsp;&nbsp;&nbsp;&nbsp;&nbsp;&nbsp;&nbsp;&nbsp;&nbsp;&nbsp;&nbsp; : 15 Kas\u0131m 2023<\/strong><\/p>\n\n\n\n<p><strong>Geni\u015fletilmi\u015f \u00d6zet G\u00f6nderim Son Tarihi&nbsp;&nbsp;&nbsp; : 30 Ocak 2024<\/strong><\/p>\n\n\n\n<p><strong>Kabul Edilen Bildirilerin Duyurulmas\u0131&nbsp;&nbsp;&nbsp;&nbsp;&nbsp;&nbsp; : 5 \u015eubat 2024<\/strong><\/p>\n\n\n\n<p><strong>Tam Metin G\u00f6ndermek \u0130\u00e7in Son Tarih&nbsp;&nbsp;&nbsp;&nbsp;&nbsp;&nbsp; : 1 Mart 2024<\/strong><\/p>\n\n\n\n<p><strong>Program\u0131n \u0130lan\u0131&nbsp;&nbsp;&nbsp;&nbsp;&nbsp;&nbsp;&nbsp;&nbsp;&nbsp;&nbsp;&nbsp;&nbsp;&nbsp;&nbsp;&nbsp;&nbsp;&nbsp;&nbsp;&nbsp;&nbsp;&nbsp;&nbsp;&nbsp;&nbsp;&nbsp;&nbsp;&nbsp;&nbsp;&nbsp;&nbsp;&nbsp;&nbsp;&nbsp;&nbsp;&nbsp;&nbsp;&nbsp;&nbsp;&nbsp;&nbsp;&nbsp;&nbsp;&nbsp; : 20 \u015eubat 2024<\/strong><strong><\/strong><\/p>\n","protected":false},"excerpt":{"rendered":"<p class=\"teaser\">Kant\u2019\u0131n teorik felsefesinin iki \u00f6nemli \u015feyi ama\u00e7lad\u0131\u011f\u0131 bilinmektedir. Bunlardan biri insan zihninin \u00f6\u011felerini, s\u0131n\u0131rlar\u0131n\u0131 g\u00f6stermek; di\u011feri ise buna ba\u011fl\u0131 olarak felsefi soru\u015fturman\u0131n ger\u00e7ekle\u015ftirilme olana\u011f\u0131n\u0131 ortaya koymakt\u0131r. Dolay\u0131s\u0131yla Kant\u2019\u0131n teorik felsefesinin arkas\u0131nda epistemik kayg\u0131lar bulunmaktad\u0131r. Kant\u2019\u0131n do\u011fumunun 300. y\u0131l\u0131 m\u00fcnasebetiyle, Dicle \u00dcniversitesi Felsefe B\u00f6l\u00fcm\u00fc ve T\u00fcrkiye Kant Toplulu\u011fu olarak biz Kant\u2019\u0131n teorik felsefesini onun epistemolojik d\u00fc\u015f\u00fcnceleriyle &hellip;<\/p>\n","protected":false},"author":1,"featured_media":9009,"parent":0,"menu_order":0,"comment_status":"closed","ping_status":"closed","template":"","event_listing_category":[108],"_links":{"self":[{"href":"http:\/\/turkiyekanttoplulugu.org\/index.php?rest_route=\/wp\/v2\/event_listing\/9008"}],"collection":[{"href":"http:\/\/turkiyekanttoplulugu.org\/index.php?rest_route=\/wp\/v2\/event_listing"}],"about":[{"href":"http:\/\/turkiyekanttoplulugu.org\/index.php?rest_route=\/wp\/v2\/types\/event_listing"}],"author":[{"embeddable":true,"href":"http:\/\/turkiyekanttoplulugu.org\/index.php?rest_route=\/wp\/v2\/users\/1"}],"replies":[{"embeddable":true,"href":"http:\/\/turkiyekanttoplulugu.org\/index.php?rest_route=%2Fwp%2Fv2%2Fcomments&post=9008"}],"wp:featuredmedia":[{"embeddable":true,"href":"http:\/\/turkiyekanttoplulugu.org\/index.php?rest_route=\/wp\/v2\/media\/9009"}],"wp:attachment":[{"href":"http:\/\/turkiyekanttoplulugu.org\/index.php?rest_route=%2Fwp%2Fv2%2Fmedia&parent=9008"}],"wp:term":[{"taxonomy":"event_listing_category","embeddable":true,"href":"http:\/\/turkiyekanttoplulugu.org\/index.php?rest_route=%2Fwp%2Fv2%2Fevent_listing_category&post=9008"}],"curies":[{"name":"wp","href":"https:\/\/api.w.org\/{rel}","templated":true}]}}