{"id":5691,"date":"2020-11-08T23:06:09","date_gmt":"2020-11-08T20:06:09","guid":{"rendered":"http:\/\/turkiyekanttoplulugu.org\/?post_type=event_listing&#038;p=5691"},"modified":"2022-08-04T14:49:56","modified_gmt":"2022-08-04T11:49:56","slug":"cevrimici-panel","status":"publish","type":"event_listing","link":"http:\/\/turkiyekanttoplulugu.org\/?event_listing=cevrimici-panel","title":{"rendered":"\u00c7evrimi\u00e7i Panel"},"content":{"rendered":"\n<p>Immanuel Kant&#8217;\u0131n &#8220;<em>De mundi sensibilis atque intelligibilis forma et principiis<\/em>&#8221; (1770) ba\u015fl\u0131kl\u0131 profes\u00f6rl\u00fck takdim tezinin 250. y\u0131l\u0131n\u0131 D\u00fcnya Felsefe G\u00fcn\u00fcnde an\u0131yoruz. Zoom platformunda \u00e7evrimi\u00e7i ger\u00e7ekle\u015fecek panele dinleyici olarak kat\u0131lmak isteyenler etkinlik g\u00fcn ve saatinde a\u015fa\u011f\u0131da belirtilen <a href=\"https:\/\/zoom.us\/j\/94748373195?pwd=NU5tc091c05TZERFRHJjaTY2a1NxUT09\">adres<\/a> \u00fczerinden ba\u011flanabilirler. Etkinli\u011fin program\u0131 a\u015fa\u011f\u0131daki gibidir:<br><\/p>\n\n\n\n<p>Moderat\u00f6r: Umut Eldem<\/p>\n\n\n\n<p>19.00: Aliye Kovanl\u0131kaya &#8211; &#8216;Kant&#8217;\u0131n 1770 Tezindeki Hissetme \u00d6\u011fretisi&#8217;<\/p>\n\n\n\n<p>19.45: \u00d6zg\u00fc\u00e7 G\u00fcven &#8211; &#8216;Ele\u015ftirel D\u00f6nemle \u0130li\u015fkisi A\u00e7\u0131s\u0131ndan 1770 Tezi&#8217;<\/p>\n\n\n\n<p>20.30: Arif Y\u0131ld\u0131z &#8211; &#8216;1770 Tezinde &#8216;Mundus&#8217; Kavram\u0131&#8217;<br><strong>\u00d6zet: <\/strong>Bu \u00e7al\u0131\u015fmada Kant\u2019\u0131n \u201cDuyusal ve Ak\u0131lsal D\u00fcnyan\u0131n Formu ve \u0130lkeleri \u00dczerine\u201d (ya da \u201cDuyusal ve Ak\u0131lsal D\u00fcnyan\u0131n Formunun \u0130lkeleri \u00dczerine\u201d) ba\u015fl\u0131\u011f\u0131n\u0131 ta\u015f\u0131yan 1770 tarihli tezinde <em>mundus<\/em> (d\u00fcnya, evren ya da <em>kosmos<\/em>) kavram\u0131 merkeze al\u0131narak incelenecektir. Kritik-\u00f6ncesi d\u00f6neme tarihlenen bu \u00e7al\u0131\u015fman\u0131n temel ara\u015ft\u0131rma konusu, dogmatik ya da rasyonel kozmoloji, yani <em>evrenin mutlak b\u00fct\u00fcnl\u00fc\u011f\u00fcn bilgisinin imk\u00e2n\u0131<\/em> olarak \u00f6zetlenebilir. \u00d6nceki kozmoloji ara\u015ft\u0131rmalar\u0131ndan farkl\u0131 olarak (<em>Theorie des Himmels<\/em> ve <em>Der einzig m\u00f6gliche Beweisgrund<\/em>\u2026) 1770 y\u0131l\u0131nda Kant, Leibniz-Wolff ekol\u00fcn\u00fcn rasyonalist tavr\u0131ndan uzakla\u015farak ilk defa s\u00f6z konusu imk\u00e2n\u0131 bir problem olarak al\u0131r. Verili olan par\u00e7alardan b\u00fct\u00fcne ula\u015fma iddias\u0131ndaki modern bilimin duyusal\/sentetik bilgisi ile mutlak b\u00fct\u00fcn\u00fc <em>a priori<\/em> d\u00fcnya kavram\u0131ndan, yani saf d\u00fc\u015f\u00fcnce yoluyla t\u00fcretme iddias\u0131ndaki rasyonalist gelene\u011fin ak\u0131lsal\/metafizik bilgisinin yaratt\u0131\u011f\u0131 gerilim, Kant\u2019\u0131n ifadesiyle \u201cduyusal ve ak\u0131lsal yetiler aras\u0131ndaki ihtilaf\u201d\u0131n bir kan\u0131t\u0131d\u0131r. Bilimin bir \u00fcr\u00fcn\u00fc olan fenomenlerin mutlak b\u00fct\u00fcnl\u00fc\u011f\u00fcn\u00fcn sentetik bilgisinin imkans\u0131zl\u0131\u011f\u0131n\u0131 ke\u015ffeden ancak hen\u00fcz kozmoloji fikrini muhafaza etmek isteyen Kant, ihtilaf\u0131n \u00e7\u00f6z\u00fcm\u00fcn\u00fc b\u00fct\u00fcn\/d\u00fcnya kavram\u0131n\u0131n ikili k\u00f6keninde (<em>duplex genesis<\/em>) bulur, \u00e7\u00fcnk\u00fc d\u00fcnya kavram\u0131, her ne kadar g\u00f6r\u00fcde temsil edilemese de anlama yetisi i\u00e7in <em>imk\u00e2ns\u0131z<\/em> de\u011fildir. Ba\u015fka bir deyi\u015fle Kant, bir yandan mutlak yani sonsuz b\u00fct\u00fcnl\u00fc\u011f\u00fcn ve kendinde \u015feyin bilgisini akla\/anlama yetisine, sonlu b\u00fct\u00fcnl\u00fc\u011f\u00fcn, yani fenomenlerin bilgisini duyusall\u0131\u011fa atfederek, di\u011fer yandan da rasyonalist gelene\u011fe kar\u015f\u0131 duyusal ve ak\u0131lsal d\u00fcnyan\u0131n devaml\u0131l\u0131\u011f\u0131n\u0131 reddederek, ak\u0131lsal nesnelerin mutlak b\u00fct\u00fcnl\u00fc\u011f\u00fcn\u00fcn fenomenlerin varsay\u0131lan mutlak b\u00fct\u00fcnl\u00fc\u011f\u00fcne dayanmadan bilinebilece\u011fini \u00f6ne s\u00fcrer. Bu \u00e7al\u0131\u015fmada par\u00e7a\/b\u00fct\u00fcn, sentez\/analiz, nexus, sonsuzluk\/sonluluk, madde\/form ve evrensellik gibi d\u00fcnya kavram\u0131n\u0131n temel nosyonlar\u0131n\u0131 inceleyen 1770 tezinin ilk iki b\u00f6l\u00fcm\u00fcne odaklanarak, Kant\u2019\u0131n mutlak b\u00fct\u00fcnl\u00fck ba\u011flam\u0131nda Leibniz, Wolff ve Baumgarten\u2019e getirdi\u011fi ele\u015ftirileri incelemeye \u00e7al\u0131\u015faca\u011f\u0131z.<br><br><br><br><\/p>\n\n\n\n<p><strong><a href=\"https:\/\/zoom.us\/j\/94748373195?pwd=NU5tc091c05TZERFRHJjaTY2a1NxUT09\">Ba\u011flant\u0131 adresi<\/a>:<\/strong> https:\/\/zoom.us\/j\/94748373195?pwd=NU5tc091c05TZERFRHJjaTY2a1NxUT09<\/p>\n\n\n\n<p>Meeting ID: 947 4837 3195<br>Passcode: 430696<\/p>\n\n\n\n<p><a href=\"https:\/\/www.youtube.com\/watch?v=mQoGp9o0eAI&amp;t=23s&amp;ab_channel=T%C3%BCrkiyeKantToplulu%C4%9Fu\">Etkinli\u011fin ses kayd\u0131na youtube sayfam\u0131zdan ula\u015fabilirsiniz.<\/a><\/p>\n","protected":false},"excerpt":{"rendered":"<p class=\"teaser\">Immanuel Kant&#8217;\u0131n &#8220;De mundi sensibilis atque intelligibilis forma et principiis&#8221; (1770) ba\u015fl\u0131kl\u0131 profes\u00f6rl\u00fck takdim tezinin 250. y\u0131l\u0131n\u0131 D\u00fcnya Felsefe G\u00fcn\u00fcnde an\u0131yoruz. Zoom platformunda \u00e7evrimi\u00e7i ger\u00e7ekle\u015fecek panele dinleyici olarak kat\u0131lmak isteyenler etkinlik g\u00fcn ve saatinde a\u015fa\u011f\u0131da belirtilen adres \u00fczerinden ba\u011flanabilirler. Etkinli\u011fin program\u0131 a\u015fa\u011f\u0131daki gibidir: Moderat\u00f6r: Umut Eldem 19.00: Aliye Kovanl\u0131kaya &#8211; &#8216;Kant&#8217;\u0131n 1770 Tezindeki Hissetme \u00d6\u011fretisi&#8217; &hellip;<\/p>\n","protected":false},"author":1,"featured_media":5693,"parent":0,"menu_order":0,"comment_status":"closed","ping_status":"closed","template":"","event_listing_category":[],"_links":{"self":[{"href":"http:\/\/turkiyekanttoplulugu.org\/index.php?rest_route=\/wp\/v2\/event_listing\/5691"}],"collection":[{"href":"http:\/\/turkiyekanttoplulugu.org\/index.php?rest_route=\/wp\/v2\/event_listing"}],"about":[{"href":"http:\/\/turkiyekanttoplulugu.org\/index.php?rest_route=\/wp\/v2\/types\/event_listing"}],"author":[{"embeddable":true,"href":"http:\/\/turkiyekanttoplulugu.org\/index.php?rest_route=\/wp\/v2\/users\/1"}],"replies":[{"embeddable":true,"href":"http:\/\/turkiyekanttoplulugu.org\/index.php?rest_route=%2Fwp%2Fv2%2Fcomments&post=5691"}],"wp:featuredmedia":[{"embeddable":true,"href":"http:\/\/turkiyekanttoplulugu.org\/index.php?rest_route=\/wp\/v2\/media\/5693"}],"wp:attachment":[{"href":"http:\/\/turkiyekanttoplulugu.org\/index.php?rest_route=%2Fwp%2Fv2%2Fmedia&parent=5691"}],"wp:term":[{"taxonomy":"event_listing_category","embeddable":true,"href":"http:\/\/turkiyekanttoplulugu.org\/index.php?rest_route=%2Fwp%2Fv2%2Fevent_listing_category&post=5691"}],"curies":[{"name":"wp","href":"https:\/\/api.w.org\/{rel}","templated":true}]}}